{"id":2891,"date":"2024-11-16T09:04:46","date_gmt":"2024-11-16T08:04:46","guid":{"rendered":"https:\/\/www.musiques-en-haut.fr\/?page_id=2891"},"modified":"2025-12-20T18:42:44","modified_gmt":"2025-12-20T17:42:44","slug":"dons","status":"publish","type":"page","link":"https:\/\/www.musiques-en-haut.fr\/?page_id=2891","title":{"rendered":"Dons"},"content":{"rendered":"<p data-start=\"178\" data-end=\"500\">Depuis bient\u00f4t <strong data-start=\"193\" data-end=\"203\">30 ans<\/strong>, le festival <strong data-start=\"217\" data-end=\"239\">Musiques en Haut !<\/strong> fait vibrer le Haut-Jura en d\u00e9ployant ses actions sur les trois communaut\u00e9s de communes \u2014 <strong data-start=\"330\" data-end=\"394\">La Grandvalli\u00e8re, Haut-Jura Arcade et la Station des Rousses<\/strong> \u2014 avec une ambition constante : <strong data-start=\"427\" data-end=\"499\">offrir une culture exigeante, vivante et accessible \u00e0 toutes et tous<\/strong>.<\/p>\n<p data-start=\"502\" data-end=\"606\">Entre <strong data-start=\"508\" data-end=\"524\">2024 et 2025<\/strong>, cette aventure collective s\u2019est incarn\u00e9e \u00e0 travers une dynamique remarquable :<\/p>\n<ul data-start=\"607\" data-end=\"941\">\n<li data-start=\"607\" data-end=\"685\">\n<p data-start=\"609\" data-end=\"685\"><strong data-start=\"609\" data-end=\"653\">75 manifestations et actions culturelles<\/strong> organis\u00e9es sur le territoire,<\/p>\n<\/li>\n<li data-start=\"686\" data-end=\"792\">\n<p data-start=\"688\" data-end=\"792\"><strong data-start=\"688\" data-end=\"702\">700 \u00e9l\u00e8ves<\/strong>, de la maternelle au lyc\u00e9e, sensibilis\u00e9s \u00e0 la musique gr\u00e2ce \u00e0 des actions de m\u00e9diation,<\/p>\n<\/li>\n<li data-start=\"793\" data-end=\"856\">\n<p data-start=\"795\" data-end=\"856\"><strong data-start=\"795\" data-end=\"810\">10 concerts<\/strong> propos\u00e9s en EHPAD et en r\u00e9sidences seniors,<\/p>\n<\/li>\n<li data-start=\"857\" data-end=\"941\">\n<p data-start=\"859\" data-end=\"941\"><strong data-start=\"859\" data-end=\"874\">60 concerts<\/strong> entre avril et octobre, rassemblant pr\u00e8s de <strong data-start=\"919\" data-end=\"940\">4 000 spectateurs<\/strong>.<\/p>\n<\/li>\n<\/ul>\n<p data-start=\"943\" data-end=\"1161\">Parce que la culture est un bien commun, l\u2019ensemble de nos concerts repose sur une <strong data-start=\"1026\" data-end=\"1063\">participation libre et consciente<\/strong>, invitant chacun \u00e0 contribuer selon ses moyens et son d\u00e9sir de soutenir la p\u00e9rennit\u00e9 du festival.<\/p>\n<p data-start=\"1163\" data-end=\"1589\">L\u2019ann\u00e9e <strong data-start=\"1171\" data-end=\"1179\">2026<\/strong> s\u2019annonce d\u00e9j\u00e0 riche et enthousiasmante :<br data-start=\"1221\" data-end=\"1224\" \/>une <strong data-start=\"1228\" data-end=\"1261\">quarantaine de manifestations<\/strong> sont en pr\u00e9paration, avec plus de <strong data-start=\"1296\" data-end=\"1336\">30 concerts en juillet et octobre<\/strong>, l&rsquo;organisation du <strong data-start=\"1355\" data-end=\"1377\">ch\u0153ur participatif<\/strong> en partenariat avec deux autres festivals, la cr\u00e9ation d&rsquo;un <strong data-start=\"1424\" data-end=\"1454\">stage de musique m\u00e9di\u00e9vale<\/strong>, et de nouvelles propositions d&rsquo;<strong data-start=\"1469\" data-end=\"1532\">actions de m\u00e9diation culturelle \u00e0 destination des scolaires<\/strong>, ainsi que la <strong data-start=\"1547\" data-end=\"1588\">production d\u2019un nouvel enregistrement<\/strong>.<\/p>\n<p data-start=\"1591\" data-end=\"1826\">Votre g\u00e9n\u00e9rosit\u00e9 est essentielle. Elle nous permet de poursuivre cette <strong data-start=\"1662\" data-end=\"1707\">formidable aventure humaine et artistique<\/strong>, et de continuer \u00e0 faire vivre une culture <strong data-start=\"1751\" data-end=\"1825\">qui rassemble, \u00e9veille les consciences et rayonne au c\u0153ur du Haut-Jura<\/strong>. Un grand MERCI \u00e0 toutes et tous pour votre soutien et votre fid\u00e9lit\u00e9 !<\/p>\n<p><iframe id=\"haWidget\" style=\"width: 100%; height: 750px; border: none;\" src=\"https:\/\/www.helloasso.com\/associations\/amis-des-orgues-du-haut-jura\/formulaires\/1\/widget\" scrolling=\"auto\"><span data-mce-type=\"bookmark\" style=\"display: inline-block; width: 0px; overflow: hidden; line-height: 0;\" class=\"mce_SELRES_start\">\ufeff<\/span><\/iframe><\/p>\n","protected":false},"excerpt":{"rendered":"<p>Depuis bient\u00f4t 30 ans, le festival Musiques en Haut ! fait vibrer le Haut-Jura en d\u00e9ployant ses actions sur les trois communaut\u00e9s de communes \u2014 La Grandvalli\u00e8re, Haut-Jura Arcade et la Station des Rousses \u2014 avec une ambition constante :<\/p>\n","protected":false},"author":1,"featured_media":0,"parent":0,"menu_order":0,"comment_status":"closed","ping_status":"closed","template":"","meta":{"footnotes":""},"class_list":["post-2891","page","type-page","status-publish","hentry"],"jetpack_sharing_enabled":true,"_links":{"self":[{"href":"https:\/\/www.musiques-en-haut.fr\/index.php?rest_route=\/wp\/v2\/pages\/2891","targetHints":{"allow":["GET"]}}],"collection":[{"href":"https:\/\/www.musiques-en-haut.fr\/index.php?rest_route=\/wp\/v2\/pages"}],"about":[{"href":"https:\/\/www.musiques-en-haut.fr\/index.php?rest_route=\/wp\/v2\/types\/page"}],"author":[{"embeddable":true,"href":"https:\/\/www.musiques-en-haut.fr\/index.php?rest_route=\/wp\/v2\/users\/1"}],"replies":[{"embeddable":true,"href":"https:\/\/www.musiques-en-haut.fr\/index.php?rest_route=%2Fwp%2Fv2%2Fcomments&post=2891"}],"version-history":[{"count":9,"href":"https:\/\/www.musiques-en-haut.fr\/index.php?rest_route=\/wp\/v2\/pages\/2891\/revisions"}],"predecessor-version":[{"id":3030,"href":"https:\/\/www.musiques-en-haut.fr\/index.php?rest_route=\/wp\/v2\/pages\/2891\/revisions\/3030"}],"wp:attachment":[{"href":"https:\/\/www.musiques-en-haut.fr\/index.php?rest_route=%2Fwp%2Fv2%2Fmedia&parent=2891"}],"curies":[{"name":"wp","href":"https:\/\/api.w.org\/{rel}","templated":true}]}}