{"id":2727,"date":"2024-02-20T11:55:28","date_gmt":"2024-02-20T10:55:28","guid":{"rendered":"https:\/\/www.musiques-en-haut.fr\/?page_id=2727"},"modified":"2024-02-24T17:41:55","modified_gmt":"2024-02-24T16:41:55","slug":"mediation-2024","status":"publish","type":"page","link":"https:\/\/www.musiques-en-haut.fr\/?page_id=2727","title":{"rendered":"M\u00e9diation 2024"},"content":{"rendered":"<p>Conscients que l&rsquo;art et la musique sont de formidables vecteurs de d\u00e9veloppement, dynamisme, rencontre et de lien social, notre festival s&rsquo;investit plus que jamais dans une d\u00e9marche de g\u00e9n\u00e9ralisation de l&rsquo;acc\u00e8s \u00e0 la culture pour tous les publics avec une attention particuli\u00e8re aux publics emp\u00each\u00e9s (enfants, personnes \u00e2g\u00e9es, etc.).<\/p>\n<p>Notre exp\u00e9rience professionnelle et longue de plusieurs ann\u00e9es nous permet de d\u00e9velopper des actions de sensibilisations, de m\u00e9diation culturelles et des formats de concerts adapt\u00e9s \u00e0 ces publics \u00e9loign\u00e9s. Toutes ces actions sont co-construites et conduites avec des professionnels avertis.<\/p>\n<p>&nbsp;<\/p>\n<h2>Actions de m\u00e9diation culturelle<\/h2>\n<h4>#1 &#8211; Chanter et danser \u00e0 la Renaissance<\/h4>\n<p><img loading=\"lazy\" decoding=\"async\" class=\"wp-image-2771 alignleft\" src=\"https:\/\/www.musiques-en-haut.fr\/wp-content\/uploads\/2024\/02\/IMG_6171-1024x768.jpg\" alt=\"\" width=\"269\" height=\"202\" srcset=\"https:\/\/www.musiques-en-haut.fr\/wp-content\/uploads\/2024\/02\/IMG_6171-1024x768.jpg 1024w, https:\/\/www.musiques-en-haut.fr\/wp-content\/uploads\/2024\/02\/IMG_6171-300x225.jpg 300w, https:\/\/www.musiques-en-haut.fr\/wp-content\/uploads\/2024\/02\/IMG_6171-768x576.jpg 768w, https:\/\/www.musiques-en-haut.fr\/wp-content\/uploads\/2024\/02\/IMG_6171-1536x1152.jpg 1536w, https:\/\/www.musiques-en-haut.fr\/wp-content\/uploads\/2024\/02\/IMG_6171-2048x1536.jpg 2048w\" sizes=\"auto, (max-width: 269px) 100vw, 269px\" \/>Ce projet a \u00e9t\u00e9 initi\u00e9 en 2022 avec l&rsquo;ensemble Les Sonadori sur le Grandvaux avec les \u00e9coles primaires de Saint-Pierre-en-Grandvaux et La Chaux-du-Dombief et l&rsquo;\u00e9cole de musique intercommunale du Grandvaux.<\/p>\n<p>Il est reconduit cette ann\u00e9e, toujours avec Les Sonadori et Renaud Charles (ma\u00eetre \u00e0 danser), avec les \u00e9coles primaires de Longchaumois et Morbier (environ 80 \u00e9l\u00e8ves) et les orchestre \u00e0 l&rsquo;\u00e9cole de l&rsquo;\u00e9cole de musique de la communaut\u00e9 de communes Haut-Jura Arcade.<\/p>\n<p>&nbsp;<\/p>\n<h4>#2 &#8211; \u00c9crire pour s&rsquo;clamer<img loading=\"lazy\" decoding=\"async\" class=\"wp-image-2776 alignright\" src=\"https:\/\/www.musiques-en-haut.fr\/wp-content\/uploads\/2024\/02\/VouLoute-648x1024.jpg\" alt=\"\" width=\"151\" height=\"239\" srcset=\"https:\/\/www.musiques-en-haut.fr\/wp-content\/uploads\/2024\/02\/VouLoute-648x1024.jpg 648w, https:\/\/www.musiques-en-haut.fr\/wp-content\/uploads\/2024\/02\/VouLoute-190x300.jpg 190w, https:\/\/www.musiques-en-haut.fr\/wp-content\/uploads\/2024\/02\/VouLoute-768x1213.jpg 768w, https:\/\/www.musiques-en-haut.fr\/wp-content\/uploads\/2024\/02\/VouLoute.jpg 816w\" sizes=\"auto, (max-width: 151px) 100vw, 151px\" \/><\/h4>\n<p>&nbsp;<\/p>\n<p>Dans le cadre des Cord\u00e9es de la r\u00e9ussite, ce projet r\u00e9unit coll\u00e9giens de Morez et Saint-Laurent et lyc\u00e9ens autour d&rsquo;un projet d&rsquo;\u00e9criture de chanson. Vou Loute, chanteur et bassiste du groupe Les Forces de L&rsquo;Orge, accompagne les \u00e9l\u00e8ves dans cette d\u00e9marche en les sensibilisant au son des mots et au plaisir de jouer avec&#8230;<\/p>\n<p>&nbsp;<\/p>\n<h4>#3 &#8211; Spectacle \u00ab\u00a0Renaissance par le jeu\u00a0\u00bb<\/h4>\n<p><img loading=\"lazy\" decoding=\"async\" class=\"wp-image-2784 alignleft\" src=\"https:\/\/www.musiques-en-haut.fr\/wp-content\/uploads\/2024\/02\/394051564_10219201977200308_8594251076219136150_n-1024x683.jpg\" alt=\"\" width=\"291\" height=\"194\" srcset=\"https:\/\/www.musiques-en-haut.fr\/wp-content\/uploads\/2024\/02\/394051564_10219201977200308_8594251076219136150_n-1024x683.jpg 1024w, https:\/\/www.musiques-en-haut.fr\/wp-content\/uploads\/2024\/02\/394051564_10219201977200308_8594251076219136150_n-300x200.jpg 300w, https:\/\/www.musiques-en-haut.fr\/wp-content\/uploads\/2024\/02\/394051564_10219201977200308_8594251076219136150_n-768x512.jpg 768w, https:\/\/www.musiques-en-haut.fr\/wp-content\/uploads\/2024\/02\/394051564_10219201977200308_8594251076219136150_n.jpg 1500w\" sizes=\"auto, (max-width: 291px) 100vw, 291px\" \/>Ce concert-spectacle autour des jeux et \u00e9nigmes musicales de la Renaissance vous propose de d\u00e9couvrir de mani\u00e8re ludique, avec images projet\u00e9es, l\u2019envers des formes musicales les plus folles : canons, partitions lues dans les deux sens, et autres merveilles en forme de croix, d\u2019\u00e9chelle, etc. Les Sonadori, avec la complicit\u00e9 du public, tenteront de r\u00e9concilier Isabella, luthiste friande de danse, chanson et musique l\u00e9g\u00e8re avec Ferdinando, contraltiste amateur de formes savantes, dans une joute pleine d\u2019esprit et de surprises !<\/p>\n<h2>Concerts adapt\u00e9s<\/h2>\n<h4>#1 &#8211; Concerts en EHPAD<\/h4>\n<p>Pour la premi\u00e8re fois, notre festival organisera plusieurs concerts dans les EHPAD du Haut-Jura au mois de juillet lors de la premi\u00e8re saison. Ceux-ci seront adapt\u00e9s aux r\u00e9sidents tant dans la forme que dans l&rsquo;esprit.<\/p>\n<p>&nbsp;<\/p>\n<h4>#2 &#8211; Concerts scolaires<img loading=\"lazy\" decoding=\"async\" class=\"wp-image-2781 alignright\" src=\"https:\/\/www.musiques-en-haut.fr\/wp-content\/uploads\/2024\/02\/JCA20221020-13-1024x682.jpeg\" alt=\"\" width=\"266\" height=\"177\" srcset=\"https:\/\/www.musiques-en-haut.fr\/wp-content\/uploads\/2024\/02\/JCA20221020-13-1024x682.jpeg 1024w, https:\/\/www.musiques-en-haut.fr\/wp-content\/uploads\/2024\/02\/JCA20221020-13-300x200.jpeg 300w, https:\/\/www.musiques-en-haut.fr\/wp-content\/uploads\/2024\/02\/JCA20221020-13-768x512.jpeg 768w, https:\/\/www.musiques-en-haut.fr\/wp-content\/uploads\/2024\/02\/JCA20221020-13.jpeg 1280w\" sizes=\"auto, (max-width: 266px) 100vw, 266px\" \/><\/h4>\n<p>Au mois d&rsquo;octobre, lors de la seconde saison du festival, les enfants &#8211; de la primaire au lyc\u00e9e &#8211; profiteront \u00e9galement d&rsquo;une programmation sp\u00e9cialement adapt\u00e9e \u00e0 eux. Les cycles 2 pourront d\u00e9couvrir un conte mythologique intitul\u00e9 <em><strong>L&rsquo;orgue de Marsyas<\/strong><\/em>, et les cycles 3 et 4 iront \u00e0 la d\u00e9couverte de la m\u00e9lodie fran\u00e7aise et de l&rsquo;univers de Gabriel Faur\u00e9 (1845 &#8211; 1924). Ces spectacles feront l&rsquo;objet d&rsquo;une rencontre avec les artistes et un dossier p\u00e9dagogique sera remis aux enseignants.<\/p>\n","protected":false},"excerpt":{"rendered":"<p>Conscients que l&rsquo;art et la musique sont de formidables vecteurs de d\u00e9veloppement, dynamisme, rencontre et de lien social, notre festival s&rsquo;investit plus que jamais dans une d\u00e9marche de g\u00e9n\u00e9ralisation de l&rsquo;acc\u00e8s \u00e0 la culture pour tous les publics avec une<\/p>\n","protected":false},"author":1,"featured_media":0,"parent":0,"menu_order":0,"comment_status":"closed","ping_status":"closed","template":"","meta":{"footnotes":""},"class_list":["post-2727","page","type-page","status-publish","hentry"],"jetpack_sharing_enabled":true,"_links":{"self":[{"href":"https:\/\/www.musiques-en-haut.fr\/index.php?rest_route=\/wp\/v2\/pages\/2727","targetHints":{"allow":["GET"]}}],"collection":[{"href":"https:\/\/www.musiques-en-haut.fr\/index.php?rest_route=\/wp\/v2\/pages"}],"about":[{"href":"https:\/\/www.musiques-en-haut.fr\/index.php?rest_route=\/wp\/v2\/types\/page"}],"author":[{"embeddable":true,"href":"https:\/\/www.musiques-en-haut.fr\/index.php?rest_route=\/wp\/v2\/users\/1"}],"replies":[{"embeddable":true,"href":"https:\/\/www.musiques-en-haut.fr\/index.php?rest_route=%2Fwp%2Fv2%2Fcomments&post=2727"}],"version-history":[{"count":24,"href":"https:\/\/www.musiques-en-haut.fr\/index.php?rest_route=\/wp\/v2\/pages\/2727\/revisions"}],"predecessor-version":[{"id":2794,"href":"https:\/\/www.musiques-en-haut.fr\/index.php?rest_route=\/wp\/v2\/pages\/2727\/revisions\/2794"}],"wp:attachment":[{"href":"https:\/\/www.musiques-en-haut.fr\/index.php?rest_route=%2Fwp%2Fv2%2Fmedia&parent=2727"}],"curies":[{"name":"wp","href":"https:\/\/api.w.org\/{rel}","templated":true}]}}