{"id":2604,"date":"2023-01-19T16:50:37","date_gmt":"2023-01-19T15:50:37","guid":{"rendered":"https:\/\/www.musiques-en-haut.fr\/?page_id=2604"},"modified":"2026-03-04T07:01:13","modified_gmt":"2026-03-04T06:01:13","slug":"choeur-participatif-de-bas-en-haut","status":"publish","type":"page","link":"https:\/\/www.musiques-en-haut.fr\/?page_id=2604","title":{"rendered":"Ch\u0153ur participatif 2026"},"content":{"rendered":"\r\n<h2 class=\"has-text-align-center wp-block-heading\"><strong>Recrutement : Soprane \/ Alto \/ Hommes<\/strong><\/h2>\r\n\r\n\r\n\r\n<h2 class=\"wp-block-heading\" style=\"text-align: center;\">Choeur de \u00ab\u00a0Haut en Bas\u00a0\u00bb 2026<\/h2>\r\n<h2 align=\"center\"><u><b>La nature-miroir de notre \u00e2me<\/b><\/u><\/h2>\r\n<h4 style=\"text-align: center;\">entre 16 et 28 choristes<\/h4>\r\n<h3 dir=\"ltr\" style=\"text-align: center;\">Musique populaire harmonis\u00e9e pour voix mixtes<br \/>Accompagn\u00e9e \u00e0 l&rsquo;orgue et au piano<\/h3>\r\n<p style=\"text-align: center;\">\u00a0<\/p>\r\n<p align=\"justify\"><strong>L\u2019art et la peinture ont longtemps \u00e9t\u00e9 un miroir de ce que la nature nous offre de plus beau<\/strong>. Pour <strong>Gauguin<\/strong>, la nature \u00ab\u00a0.<em>.r\u00e8gne en notre \u00e2me primitive comme si elle \u00e9tait plus \u00e0 m\u00eame de nous comprendre car elle nous pr\u00e9c\u00e8de et nous survit\u00a0<\/em>\u00bb. Pour <strong>Verlaine<\/strong>\u00a0\u00ab\u00a0<em>il pleure dans mon c\u0153ur comme il pleut sur la ville<\/em>\u00a0\u00bb. Avec <strong>Hugo<\/strong> \u00ab\u00a0<em>viens, ne te lasse pas de m\u00ealer \u00e0 ton \u00e2me la campagne, les bois, les ombrages charmants&#8230;<\/em>\u00bb.<\/p>\r\n<p align=\"justify\"><strong>Et les compositeurs\u00a0?<\/strong><\/p>\r\n<p align=\"justify\">Les lumi\u00e8res, les couleurs, les sonorit\u00e9s de <strong>la nature<\/strong> sont aussi leur premi\u00e8re source d\u2019inspiration. Avec <strong>Monteverdi<\/strong>, <strong>Marenzio<\/strong> mais aussi <strong>Faur\u00e9<\/strong> et <strong>Trenet<\/strong> nous vous proposons<strong> un voyage imaginaire \u00e0 la montagne ou \u00e0 la mer, au printemps ou en \u00e9t\u00e9<\/strong>. Le musicien anonyme, l\u2019homme et la femme du peuple, eux aussi nous accompagneront dans cette aventure. <strong>Venez, on vous emm\u00e8ne\u00a0!<\/strong><\/p>\r\n<h3>\u00a0<\/h3>\r\n<h3 class=\"has-text-align-center\">Venez vivre une exp\u00e9rience artistique exceptionnelle<\/h3>\r\n<p>\r\n\r\n<\/p>\r\n<p>Comme un artiste professionnel,<\/p>\r\n<p>\r\n\r\n<\/p>\r\n<ul class=\"wp-block-list\">\r\n<li>interpr\u00e9tez des oeuvres du r\u00e9pertoire<\/li>\r\n\r\n\r\n\r\n<li>montez un programme en 3 week-ends de r\u00e9p\u00e9tition<\/li>\r\n\r\n\r\n\r\n<li>travaillez sous la direction experte et gracieuse de Edlira Priftuli<\/li>\r\n\r\n\r\n\r\n<li>chantez accompagn\u00e9s par un organiste professionnel local<\/li>\r\n\r\n\r\n\r\n<li>partez en tourn\u00e9e dans toute la Franche-Comt\u00e9\u00a0!<\/li>\r\n\r\n\r\n<\/ul>\r\n<p>\r\n\r\n<\/p>\r\n<p><strong>Cette ann\u00e9e<\/strong>, 3 week-ends de r\u00e9p\u00e9tition\u00a0sont organis\u00e9s :<\/p>\r\n<p>\r\n\r\n<\/p>\r\n<ul class=\"wp-block-list\">\r\n<li>21 et 22 f\u00e9vrier \u00e0 Besan\u00e7on<\/li>\r\n\r\n\r\n\r\n<li>21 et 22 mars du c\u00f4t\u00e9 de Saint-Laurent-en-Grandvaux<\/li>\r\n\r\n\r\n\r\n<li>du vendredi 1 mai au dimanche 3 mai du c\u00f4t\u00e9 de Saint-Lupicin<\/li>\r\n<\/ul>\r\n<p><strong>Les concerts<\/strong> auront lieu :<\/p>\r\n<ul>\r\n<li>le dimanche 3 mai \u00e0 l&rsquo;\u00e9glise de Saint-Lupicin &#8211; 17h &#8211; <strong><em>Festival de Musique du Haut Jura<\/em><\/strong> (horaire \u00e0 confirmer)<\/li>\r\n<li>le samedi 4 juillet &#8211; Chapelle de la Charit\u00e9 \u00e0 Besan\u00e7on &#8211; 12h &#8211; Festival <strong><em>Orgue en Ville<\/em><\/strong> (date et horaire \u00e0 confirmer)<\/li>\r\n<li>le lundi 13 juillet \u00e0 l&rsquo;\u00e9glise de Pr\u00e9manon &#8211; 16h &#8211; Festival <strong><em>Musiques en Haut !<\/em><\/strong>\u00a0<\/li>\r\n<\/ul>\r\n<p>&nbsp;<\/p>\r\n<p>\r\n\r\n<\/p>\r\n<p><strong>L\u2019inscription \u00e0 ce projet immersif est ouverte \u00e0 toute personne d\u00e9sireuse de chanter en ch\u0153ur sans exigence de niveau vocal ou de lecture. Seule votre pr\u00e9sence accompagn\u00e9e d&rsquo;un travail personnel entre les week-ends de r\u00e9p\u00e9tition est attendue.<\/strong><\/p>\r\n<p>\r\n\r\n<\/p>\r\n<p>&nbsp;<\/p>\r\n<h3>Co\u00fbt de l&rsquo;inscription<\/h3>\r\n<p>Cette ann\u00e9e, nous proposons une participation diff\u00e9rente avec un minimum de 84\u20ac par choriste. Un montant qui reste raisonnable au regard de la formation re\u00e7ue et des co\u00fbts engendr\u00e9s par ce projet. Nous invitons chacun \u00e0 r\u00e9fl\u00e9chir en conscience, sur la valeur estim\u00e9e de ce qu&rsquo;il re\u00e7oit, ses possibilit\u00e9 financi\u00e8res, les co\u00fbts li\u00e9s \u00e0 ce projet, sa volont\u00e9 de participer \u00e0 la p\u00e9rennisation du projet, etc.<\/p>\r\n<p>Ce mode de participation ouvre la possibilit\u00e9 aux personnes qui le peuvent et\/ou le veulent \u00e0 se montrer plus g\u00e9n\u00e9reuses et \u00e0 soutenir davantage ce projet.<\/p>\r\n<p>Nous vous offrons aussi la possibilit\u00e9 d&rsquo;un paiement fractionn\u00e9 en 3 ou 6 mensualit\u00e9s. Nous vous remercions de votre compr\u00e9hension et nous r\u00e9jouissons de vous retrouver bient\u00f4t !<\/p>\r\n<p>\r\n\r\n<\/p>\r\n<p>La <span style=\"text-decoration: underline;\"><strong>date limite<\/strong><\/span> de d\u00e9p\u00f4t des inscriptions est le <span style=\"text-decoration: underline;\"><strong>15\u00a0f\u00e9vrier 2026<\/strong><\/span>.<\/p>\r\n<p>&nbsp;<\/p>\r\n<p>&nbsp;<\/p>\r\n<p>&nbsp;<\/p>\r\n<p><iframe loading=\"lazy\" src=\"https:\/\/docs.google.com\/forms\/d\/e\/1FAIpQLSf3UWqh3yuXrvbZ-m3fQzNxy6TYO_4p_TlQkbekwMNH56fBig\/viewform?embedded=true\" width=\"640\" height=\"1181\" frameborder=\"0\" marginwidth=\"0\" marginheight=\"0\">Chargement\u2026<\/iframe><\/p>\r\n<p><iframe id=\"haWidget\" style=\"width: 100%; height: 70px; border: none;\" src=\"https:\/\/www.helloasso.com\/associations\/amis-des-orgues-du-haut-jura\/boutiques\/inscription-au-choeur-participatif-2026\/widget-bouton\"><\/iframe><\/p>","protected":false},"excerpt":{"rendered":"<p>Recrutement : Soprane \/ Alto \/ Hommes Choeur de \u00ab\u00a0Haut en Bas\u00a0\u00bb 2026 La nature-miroir de notre \u00e2me entre 16 et 28 choristes Musique populaire harmonis\u00e9e pour voix mixtesAccompagn\u00e9e \u00e0 l&rsquo;orgue et au piano \u00a0 L\u2019art et la peinture ont<\/p>\n","protected":false},"author":1,"featured_media":0,"parent":2868,"menu_order":0,"comment_status":"closed","ping_status":"closed","template":"","meta":{"footnotes":""},"class_list":["post-2604","page","type-page","status-publish","hentry"],"jetpack_sharing_enabled":true,"_links":{"self":[{"href":"https:\/\/www.musiques-en-haut.fr\/index.php?rest_route=\/wp\/v2\/pages\/2604","targetHints":{"allow":["GET"]}}],"collection":[{"href":"https:\/\/www.musiques-en-haut.fr\/index.php?rest_route=\/wp\/v2\/pages"}],"about":[{"href":"https:\/\/www.musiques-en-haut.fr\/index.php?rest_route=\/wp\/v2\/types\/page"}],"author":[{"embeddable":true,"href":"https:\/\/www.musiques-en-haut.fr\/index.php?rest_route=\/wp\/v2\/users\/1"}],"replies":[{"embeddable":true,"href":"https:\/\/www.musiques-en-haut.fr\/index.php?rest_route=%2Fwp%2Fv2%2Fcomments&post=2604"}],"version-history":[{"count":65,"href":"https:\/\/www.musiques-en-haut.fr\/index.php?rest_route=\/wp\/v2\/pages\/2604\/revisions"}],"predecessor-version":[{"id":3065,"href":"https:\/\/www.musiques-en-haut.fr\/index.php?rest_route=\/wp\/v2\/pages\/2604\/revisions\/3065"}],"up":[{"embeddable":true,"href":"https:\/\/www.musiques-en-haut.fr\/index.php?rest_route=\/wp\/v2\/pages\/2868"}],"wp:attachment":[{"href":"https:\/\/www.musiques-en-haut.fr\/index.php?rest_route=%2Fwp%2Fv2%2Fmedia&parent=2604"}],"curies":[{"name":"wp","href":"https:\/\/api.w.org\/{rel}","templated":true}]}}